{"id":6381,"date":"2023-02-04T16:58:39","date_gmt":"2023-02-04T15:58:39","guid":{"rendered":"https:\/\/amae.eu\/?page_id=6381"},"modified":"2025-12-29T17:16:43","modified_gmt":"2025-12-29T16:16:43","slug":"la-villa-regina","status":"publish","type":"page","link":"https:\/\/amae.eu\/index.php\/les-batiments-remarquables\/belles-demeures\/la-villa-regina\/","title":{"rendered":"La Villa Regina"},"content":{"rendered":"\n<p>Au 54 rue de Bellebat se tenait la c\u00e9l\u00e8bre Villa Regina. Comme la Villa S\u00e9bastopol ou le Salon Rabourdin, il s&rsquo;y tenait des banquets de mariages, de bapt\u00eames, de bals ou de r\u00e9unions d&rsquo;associations diverses. <\/p>\n\n\n\n<div class=\"wp-block-columns is-layout-flex wp-container-core-columns-is-layout-1 wp-block-columns-is-layout-flex\">\n<div class=\"wp-block-column is-layout-flow wp-block-column-is-layout-flow\">\n<figure class=\"wp-block-image size-large\"><img fetchpriority=\"high\" decoding=\"async\" width=\"1024\" height=\"731\" src=\"https:\/\/amae.eu\/wp-content\/uploads\/2025\/12\/Villa-Regina-2022-1024x731.jpg\" alt=\"\" class=\"wp-image-10102\" srcset=\"https:\/\/amae.eu\/wp-content\/uploads\/2025\/12\/Villa-Regina-2022-1024x731.jpg 1024w, https:\/\/amae.eu\/wp-content\/uploads\/2025\/12\/Villa-Regina-2022-300x214.jpg 300w, https:\/\/amae.eu\/wp-content\/uploads\/2025\/12\/Villa-Regina-2022-768x549.jpg 768w, https:\/\/amae.eu\/wp-content\/uploads\/2025\/12\/Villa-Regina-2022.jpg 1536w\" sizes=\"(max-width: 1024px) 100vw, 1024px\" \/><figcaption class=\"wp-element-caption\">La Villa Regina avant sa destruction en 2022. Photo L. Lordet<\/figcaption><\/figure>\n<\/div>\n\n\n\n<div class=\"wp-block-column is-layout-flow wp-block-column-is-layout-flow\">\n<figure class=\"wp-block-image size-large\"><img decoding=\"async\" width=\"1024\" height=\"731\" src=\"http:\/\/amae.eu\/wp-content\/uploads\/2023\/04\/Regina-salle-restaurant-jul23-1024x731.jpg\" alt=\"\" class=\"wp-image-7207\" srcset=\"https:\/\/amae.eu\/wp-content\/uploads\/2023\/04\/Regina-salle-restaurant-jul23-1024x731.jpg 1024w, https:\/\/amae.eu\/wp-content\/uploads\/2023\/04\/Regina-salle-restaurant-jul23-300x214.jpg 300w, https:\/\/amae.eu\/wp-content\/uploads\/2023\/04\/Regina-salle-restaurant-jul23-768x549.jpg 768w, https:\/\/amae.eu\/wp-content\/uploads\/2023\/04\/Regina-salle-restaurant-jul23-1536x1097.jpg 1536w, https:\/\/amae.eu\/wp-content\/uploads\/2023\/04\/Regina-salle-restaurant-jul23-2048x1463.jpg 2048w\" sizes=\"(max-width: 1024px) 100vw, 1024px\" \/><figcaption class=\"wp-element-caption\">La salle de restaurant de la Villa Regina avant sa destruction en 2022. Photo L. Lordet<\/figcaption><\/figure>\n<\/div>\n<\/div>\n\n\n\n<p>Sur la fiche auxiliaire cadastrale, figure, en 1863, la trace d\u2019une demeure (CN81) compos\u00e9e d\u2019un rdc de 4 pi\u00e8ces, 4 pi\u00e8ces au 1<sup>er<\/sup> \u00e9tage et une mansarde. A l\u2019aile, un \u00e9l\u00e9ment b\u00e2ti sert de cuisine. La maison est occup\u00e9e par madame veuve Fontaine Marie Madeleine, n\u00e9e Besse. En 1871 la propri\u00e9t\u00e9 est vendue \u00e0 monsieur, Cosson Cointepas L\u00e9on puis, en 1876, \u00e0 Chefson Adrien Alexis et son \u00e9pouse. Apr\u00e8s le d\u00e9c\u00e8s de son \u00e9poux en 1907, madame Chefson c\u00e8de le domaine en 1909 \u00e0 <strong>Edouard PILET<\/strong>, restaurateur. <\/p>\n\n\n\n<p>Edouard PILET et Marie Charlotte Augustine DAUDIN (n\u00e9e en 1868 \u00e0 Orl\u00e9ans) se sont mari\u00e9s le 29 mai 1888 \u00e0 Orl\u00e9ans. Edouard est gendarme \u00e0 cheval. Son \u00e9pouse, sans profession, est issue d\u2019une famille de restaurateurs et de p\u00e2tissiers. Le couple emm\u00e9nage d&rsquo;abord au 5 rue aux Ligneaux. A cette adresse, un <em>\u00ab\u00a0d\u00e9bit de vins-restaurateur\u00a0\u00bb<\/em> est inscrit au nom de DAUDIN, puis de PILET-DAUDIN en 1895. En 1897, il est not\u00e9 <em>\u00ab\u00a0Au Petit Ramponneau, PILET-DAUDIN, 5 rue au Ligneaux, \u00e0 Saint-Marc- Noces et banquets-Salle de billard-Jeux divers-Consommations 1<sup>er<\/sup> choix\u00a0\u00bb<\/em>. Les 6 enfants d\u2019Edouard et de Marie Charlotte sont tous n\u00e9s au 5 rue aux Ligneaux \u00e0 Orl\u00e9ans. Edouard PILET maintient son activit\u00e9 de d\u00e9bit de vin et restauration au 5 rue aux Ligneaux jusqu\u2019en 1910. <\/p>\n\n\n\n<p>En 1911, la famille s\u2019installe au 54 rue Bellebat \u00e0 Orl\u00e9ans et ouvre la <strong>Villa R\u00e9gina<\/strong> Edouard Pilet fait construire une grande salle pour banquet dont les plans sont dessin\u00e9s en 1909 par L\u00e9on Roulleau, architecte \u00e0 Orl\u00e9ans. Edouard PILET ouvre son restaurant en 1911. L\u2019\u00e9tablissement prend le nom de <strong>Villa R\u00e9gina<\/strong>. <\/p>\n\n\n<div class=\"wp-block-image is-resized\">\n<figure class=\"aligncenter size-large\"><img decoding=\"async\" width=\"1024\" height=\"738\" src=\"https:\/\/amae.eu\/wp-content\/uploads\/2023\/03\/image-30-1024x738.png\" alt=\"\" class=\"wp-image-6938\" srcset=\"https:\/\/amae.eu\/wp-content\/uploads\/2023\/03\/image-30-1024x738.png 1024w, https:\/\/amae.eu\/wp-content\/uploads\/2023\/03\/image-30-300x216.png 300w, https:\/\/amae.eu\/wp-content\/uploads\/2023\/03\/image-30-768x553.png 768w, https:\/\/amae.eu\/wp-content\/uploads\/2023\/03\/image-30-1536x1107.png 1536w, https:\/\/amae.eu\/wp-content\/uploads\/2023\/03\/image-30-2048x1476.png 2048w\" sizes=\"(max-width: 1024px) 100vw, 1024px\" \/><figcaption class=\"wp-element-caption\">Plans datant de 1909. Source : Casiers sanitaires, Archives municipales et m\u00e9tropolitaines d&rsquo;Orl\u00e9ans.<\/figcaption><\/figure><\/div>\n\n\n<p>Apr\u00e8s le d\u00e9c\u00e8s d&rsquo;Edouard le 18 avril 1924, sa veuve Marie Charlotte reprend l&rsquo;activit\u00e9 en 1925. En 1926, l\u2019affaire est reprise par son fils Gustave Auguste PILET, excellent cuistot d&rsquo;apr\u00e8s des t\u00e9moins, aid\u00e9 de son \u00e9pouse Andr\u00e9e Marguerite GODEFROY. M Couplan (ex-directeur de la SEMTAO) rach\u00e8te la maison en 1979. L\u2019activit\u00e9 de restauration cesse au d\u00e9but des ann\u00e9es 60. Gustave Pilet d\u00e9c\u00e8de le 21 avril 1967. Son \u00e9pouse, Andr\u00e9e Marguerite disparait dix ans plus tard, le 27 mai 1977.<\/p>\n\n\n\n<p>La propri\u00e9t\u00e9 est vendue, en 1978, \u00e0 Jean-Pierre Couplan lorsqu\u2019il prend la direction g\u00e9n\u00e9rale des soci\u00e9t\u00e9s de transports urbains \u00e0 Orl\u00e9ans. Jean-Fran\u00e7ois Le M\u00e9tayer, avocat sp\u00e9cialis\u00e9 en droit social et droit du travail, en fait l\u2019acquisition en 1985. Il transforme la salle de banquet en bureaux. Finalement la propri\u00e9t\u00e9 est vendue en 2020 ou 2021 au Groupe immobilier Edouard Denis.<\/p>\n\n\n\n<div class=\"wp-block-columns is-layout-flex wp-container-core-columns-is-layout-2 wp-block-columns-is-layout-flex\">\n<div class=\"wp-block-column is-layout-flow wp-block-column-is-layout-flow\">\n<figure class=\"wp-block-image size-large\"><img loading=\"lazy\" decoding=\"async\" width=\"1024\" height=\"768\" src=\"http:\/\/amae.eu\/wp-content\/uploads\/2025\/12\/Villa-Regina-18-1024x768.jpg\" alt=\"\" class=\"wp-image-10093\" srcset=\"https:\/\/amae.eu\/wp-content\/uploads\/2025\/12\/Villa-Regina-18-1024x768.jpg 1024w, https:\/\/amae.eu\/wp-content\/uploads\/2025\/12\/Villa-Regina-18-300x225.jpg 300w, https:\/\/amae.eu\/wp-content\/uploads\/2025\/12\/Villa-Regina-18-768x576.jpg 768w, https:\/\/amae.eu\/wp-content\/uploads\/2025\/12\/Villa-Regina-18.jpg 1294w\" sizes=\"(max-width: 1024px) 100vw, 1024px\" \/><figcaption class=\"wp-element-caption\">D\u00e9molition de la salle de banquet en juillet 2022. Photo L. Lordet<\/figcaption><\/figure>\n<\/div>\n\n\n\n<div class=\"wp-block-column is-layout-flow wp-block-column-is-layout-flow\">\n<figure class=\"wp-block-image size-large\"><img loading=\"lazy\" decoding=\"async\" width=\"1024\" height=\"768\" src=\"http:\/\/amae.eu\/wp-content\/uploads\/2025\/12\/Villa-Regina-20-1024x768.jpg\" alt=\"\" class=\"wp-image-10095\" srcset=\"https:\/\/amae.eu\/wp-content\/uploads\/2025\/12\/Villa-Regina-20-1024x768.jpg 1024w, https:\/\/amae.eu\/wp-content\/uploads\/2025\/12\/Villa-Regina-20-300x225.jpg 300w, https:\/\/amae.eu\/wp-content\/uploads\/2025\/12\/Villa-Regina-20-768x576.jpg 768w, https:\/\/amae.eu\/wp-content\/uploads\/2025\/12\/Villa-Regina-20.jpg 1320w\" sizes=\"(max-width: 1024px) 100vw, 1024px\" \/><figcaption class=\"wp-element-caption\">D\u00e9molition de la salle de banquet en juillet 2022. Photo L. Lordet<\/figcaption><\/figure>\n<\/div>\n\n\n\n<div class=\"wp-block-column is-layout-flow wp-block-column-is-layout-flow\">\n<figure class=\"wp-block-image size-large\"><img loading=\"lazy\" decoding=\"async\" width=\"1024\" height=\"768\" src=\"http:\/\/amae.eu\/wp-content\/uploads\/2025\/12\/Villa-Regina-19-1024x768.jpg\" alt=\"\" class=\"wp-image-10094\" srcset=\"https:\/\/amae.eu\/wp-content\/uploads\/2025\/12\/Villa-Regina-19-1024x768.jpg 1024w, https:\/\/amae.eu\/wp-content\/uploads\/2025\/12\/Villa-Regina-19-300x225.jpg 300w, https:\/\/amae.eu\/wp-content\/uploads\/2025\/12\/Villa-Regina-19-768x576.jpg 768w, https:\/\/amae.eu\/wp-content\/uploads\/2025\/12\/Villa-Regina-19.jpg 1306w\" sizes=\"(max-width: 1024px) 100vw, 1024px\" \/><figcaption class=\"wp-element-caption\">Le salon avant sa d\u00e9molition en juillet 2022. Photo L. Lordet<\/figcaption><\/figure>\n<\/div>\n<\/div>\n\n\n\n<div class=\"wp-block-columns is-layout-flex wp-container-core-columns-is-layout-3 wp-block-columns-is-layout-flex\">\n<div class=\"wp-block-column is-layout-flow wp-block-column-is-layout-flow\">\n<figure class=\"wp-block-image size-large\"><img loading=\"lazy\" decoding=\"async\" width=\"1024\" height=\"768\" src=\"http:\/\/amae.eu\/wp-content\/uploads\/2025\/12\/Villa-Regina-16-1024x768.jpg\" alt=\"\" class=\"wp-image-10096\" srcset=\"https:\/\/amae.eu\/wp-content\/uploads\/2025\/12\/Villa-Regina-16-1024x768.jpg 1024w, https:\/\/amae.eu\/wp-content\/uploads\/2025\/12\/Villa-Regina-16-300x225.jpg 300w, https:\/\/amae.eu\/wp-content\/uploads\/2025\/12\/Villa-Regina-16-768x576.jpg 768w, https:\/\/amae.eu\/wp-content\/uploads\/2025\/12\/Villa-Regina-16.jpg 1276w\" sizes=\"(max-width: 1024px) 100vw, 1024px\" \/><figcaption class=\"wp-element-caption\">La maison, \u00e0 gauche et la salle de banquet, \u00e0 droite, en 2022. Photo L. Lordet<\/figcaption><\/figure>\n<\/div>\n\n\n\n<div class=\"wp-block-column is-layout-flow wp-block-column-is-layout-flow\">\n<figure class=\"wp-block-image size-large\"><img loading=\"lazy\" decoding=\"async\" width=\"1024\" height=\"768\" src=\"http:\/\/amae.eu\/wp-content\/uploads\/2025\/12\/Villa-Regina-17-1024x768.jpg\" alt=\"\" class=\"wp-image-10097\" srcset=\"https:\/\/amae.eu\/wp-content\/uploads\/2025\/12\/Villa-Regina-17-1024x768.jpg 1024w, https:\/\/amae.eu\/wp-content\/uploads\/2025\/12\/Villa-Regina-17-300x225.jpg 300w, https:\/\/amae.eu\/wp-content\/uploads\/2025\/12\/Villa-Regina-17-768x576.jpg 768w, https:\/\/amae.eu\/wp-content\/uploads\/2025\/12\/Villa-Regina-17.jpg 1288w\" sizes=\"(max-width: 1024px) 100vw, 1024px\" \/><figcaption class=\"wp-element-caption\">La salle de banquet, face nord, en 2022. Photo L. Lordet<\/figcaption><\/figure>\n<\/div>\n<\/div>\n\n\n\n<p>Les b\u00e2timents sont d\u00e9molis au d\u00e9but de l\u2019ann\u00e9e 2022, en vue d\u2019une op\u00e9ration immobili\u00e8re au nom de&nbsp; \u00ab&nbsp;Parc Bellebat&nbsp;\u00bb. Le programme comprend 39 lots, du studio au T4, r\u00e9partis en trois b\u00e2timents. En mars 2025, le promoteur annonce l\u2019abandon du projet.<\/p>\n\n\n\n<h2 class=\"wp-block-heading has-text-align-center\">Exemples d&rsquo;\u00e9v\u00e8nements<\/h2>\n\n\n\n<p>La <strong>Villa R\u00e9gina<\/strong> est un lieu de f\u00eate tr\u00e8s appr\u00e9ci\u00e9 des orl\u00e9anais. La grande salle de r\u00e9ception face \u00e0 un grand parc arbor\u00e9 permet de recevoir jusqu\u2019\u00e0 300 convives. De nombreux bals, banquets et kermesses s\u2019y d\u00e9roulent comme en t\u00e9moignent ces articles parus dans le <strong>Journal du Loiret<\/strong>.<\/p>\n\n\n\n<div class=\"wp-block-columns is-layout-flex wp-container-core-columns-is-layout-4 wp-block-columns-is-layout-flex\">\n<div class=\"wp-block-column is-layout-flow wp-block-column-is-layout-flow\">\n<figure class=\"wp-block-image size-full\"><img loading=\"lazy\" decoding=\"async\" width=\"625\" height=\"500\" src=\"https:\/\/amae.eu\/wp-content\/uploads\/2025\/12\/Villa-Regina-6.jpg\" alt=\"\" class=\"wp-image-10082\" srcset=\"https:\/\/amae.eu\/wp-content\/uploads\/2025\/12\/Villa-Regina-6.jpg 625w, https:\/\/amae.eu\/wp-content\/uploads\/2025\/12\/Villa-Regina-6-300x240.jpg 300w\" sizes=\"(max-width: 625px) 100vw, 625px\" \/><figcaption class=\"wp-element-caption\">Journal du Loiret du 11 mai 1913<\/figcaption><\/figure>\n<\/div>\n\n\n\n<div class=\"wp-block-column is-layout-flow wp-block-column-is-layout-flow\">\n<figure class=\"wp-block-image size-full\"><img loading=\"lazy\" decoding=\"async\" width=\"643\" height=\"515\" src=\"https:\/\/amae.eu\/wp-content\/uploads\/2025\/12\/Villa-Regina-7.jpg\" alt=\"\" class=\"wp-image-10083\" srcset=\"https:\/\/amae.eu\/wp-content\/uploads\/2025\/12\/Villa-Regina-7.jpg 643w, https:\/\/amae.eu\/wp-content\/uploads\/2025\/12\/Villa-Regina-7-300x240.jpg 300w\" sizes=\"(max-width: 643px) 100vw, 643px\" \/><figcaption class=\"wp-element-caption\">Journal du Loiret du 4 ao\u00fbt 1921<\/figcaption><\/figure>\n<\/div>\n\n\n\n<div class=\"wp-block-column is-layout-flow wp-block-column-is-layout-flow\">\n<figure class=\"wp-block-image size-full\"><img loading=\"lazy\" decoding=\"async\" width=\"621\" height=\"497\" src=\"https:\/\/amae.eu\/wp-content\/uploads\/2025\/12\/Villa-Regina-8.jpg\" alt=\"\" class=\"wp-image-10084\" srcset=\"https:\/\/amae.eu\/wp-content\/uploads\/2025\/12\/Villa-Regina-8.jpg 621w, https:\/\/amae.eu\/wp-content\/uploads\/2025\/12\/Villa-Regina-8-300x240.jpg 300w\" sizes=\"(max-width: 621px) 100vw, 621px\" \/><figcaption class=\"wp-element-caption\">Journal du Loiret du 12 ao\u00fbt 1926<\/figcaption><\/figure>\n<\/div>\n<\/div>\n\n\n\n<div class=\"wp-block-columns is-layout-flex wp-container-core-columns-is-layout-5 wp-block-columns-is-layout-flex\">\n<div class=\"wp-block-column is-layout-flow wp-block-column-is-layout-flow\">\n<figure class=\"wp-block-image size-full\"><img loading=\"lazy\" decoding=\"async\" width=\"599\" height=\"479\" src=\"https:\/\/amae.eu\/wp-content\/uploads\/2025\/12\/Villa-Regina-9.jpg\" alt=\"\" class=\"wp-image-10085\" srcset=\"https:\/\/amae.eu\/wp-content\/uploads\/2025\/12\/Villa-Regina-9.jpg 599w, https:\/\/amae.eu\/wp-content\/uploads\/2025\/12\/Villa-Regina-9-300x240.jpg 300w\" sizes=\"(max-width: 599px) 100vw, 599px\" \/><figcaption class=\"wp-element-caption\">Journal du Loiret du 9 novembre 1930<\/figcaption><\/figure>\n<\/div>\n\n\n\n<div class=\"wp-block-column is-layout-flow wp-block-column-is-layout-flow\">\n<figure class=\"wp-block-image size-full\"><img loading=\"lazy\" decoding=\"async\" width=\"643\" height=\"515\" src=\"https:\/\/amae.eu\/wp-content\/uploads\/2025\/12\/Villa-Regina-10.jpg\" alt=\"\" class=\"wp-image-10086\" srcset=\"https:\/\/amae.eu\/wp-content\/uploads\/2025\/12\/Villa-Regina-10.jpg 643w, https:\/\/amae.eu\/wp-content\/uploads\/2025\/12\/Villa-Regina-10-300x240.jpg 300w\" sizes=\"(max-width: 643px) 100vw, 643px\" \/><figcaption class=\"wp-element-caption\">Journal du Loiret du 5 juillet 1934<\/figcaption><\/figure>\n<\/div>\n\n\n\n<div class=\"wp-block-column is-layout-flow wp-block-column-is-layout-flow\"><\/div>\n<\/div>\n\n\n\n<p>Quelques \u00e9v\u00e8nements organis\u00e9s dans la Villa Regina :<\/p>\n\n\n\n<ul class=\"wp-block-list\">\n<li>Le 18 mai 1913, le Syndicat Lithographique d&rsquo;Orl\u00e9ans organise une kermesse dans les jardins de la Villa au profit de sa caisse de ch\u00f4mage et de maladie. De nombreuses animations sont au programme : baraques et loteries d&rsquo;animaux vivants, pain d&rsquo;\u00e9pices, nougat, alimentation, grand concours de tir, concert instrumental, distribution gratuite de g\u00e2teaux, bal de jour et de nuit, feu d&rsquo;artifice (<a href=\"http:\/\/aurelia.orleans.fr\/wrap\/img-viewer\/1911_1930\/452346101_1913\/452346101_19130511124742\/jpeg-124742\/iipviewer.html?base=mets&amp;vcontext=mets&amp;ns=10000003.jpg\">Journal du Loiret du 11\/05\/1913<\/a>) &#8211; Consult\u00e9 le 27\/11\/2017<\/li>\n\n\n\n<li>Le 8 juin de la m\u00eame ann\u00e9e, l&rsquo;Union des Soci\u00e9t\u00e9s de Secours Mutuels du Loiret organise dans la Villa R\u00e9gina un banquet suite \u00e0 son assembl\u00e9e g\u00e9n\u00e9rale, sous la pr\u00e9sidence de M. Poux-Laville, pr\u00e9fet du Loiret. Le prix est de trois francs<\/li>\n\n\n\n<li>Le 12 ao\u00fbt 1926, l&rsquo;amicale de Loir-et-Cher tient sa kermesse dans les frais bosquets de la Villa R\u00e9gina. Concerts, bal, loteries, jeux divers. Le concours de b\u00e9b\u00e9s, pr\u00e9sid\u00e9 par le Docteur Limouzi, a r\u00e9uni 23 concurrents. Puis vint le temps du d\u00eener concoct\u00e9 par Ma\u00eetre Pilet (<a href=\"http:\/\/aurelia.orleans.fr\/wrap\/img-viewer\/1911_1930\/452346101_1926\/452346101_19260812128899\/jpeg-128899\/iipviewer.html?base=mets&amp;vcontext=mets&amp;ns=10000003.jpg\">Journal du Loiret du 12\/08\/1926<\/a>) &#8211; consult\u00e9 le 27\/11\/2017<\/li>\n\n\n\n<li>Le 9 novembre 1930, l&rsquo;Amicale des Anciens militaires de la Gendarmerie et de la Garde R\u00e9publicaine y tient banquet apr\u00e8s son assembl\u00e9e g\u00e9n\u00e9rale. A ces 150 convives se joignirent les Anciens Sous-Officiers qui, apr\u00e8s une matin\u00e9e dansante \u00e0 l&rsquo;Institut anim\u00e9e par l&rsquo;orchestre Bordereau, firent banquet \u00e0 la Villa R\u00e9gina.<\/li>\n\n\n\n<li>Le 15 ao\u00fbt 1934 se tient la grand F\u00eate d&rsquo;\u00e9t\u00e9 du Syndicat du Livre. Concert instrumental avec la Musique de Saint-Jean-le-Blanc, concert vocal avec la participation de Chansonia et de Moriss-Pol, concours de bonnets de papier, tournoi de ping-pong. Le b\u00e9n\u00e9fice a \u00e9t\u00e9 revers\u00e9 \u00e0 la Caisse ch\u00f4mage-maladie du Syndicat du Livre (<a href=\"http:\/\/aurelia.orleans.fr\/wrap\/img-viewer\/1931_1950\/452346101_1934\/452346101_19340705131313\/jpeg-131313\/iipviewer.html?base=mets&amp;vcontext=mets&amp;ns=10000002.jpg\">Journal du Loiret du 05\/07\/1934<\/a>) &#8211; consult\u00e9 le 27\/11\/2017<\/li>\n\n\n\n<li>Le 14 et 15 ao\u00fbt 1921 la Villa R\u00e9gina h\u00e9berge la Kermesse des mutil\u00e9s. Dans le coquet \u00e9tablissement de la rue de Bell\u00e9bat, sous les frais ombrages d&rsquo;arbres magnifiques. Concours de bicyclettes et de voitures d&rsquo;enfants fleuries, courses \u00e0 la cuiller, p\u00eache \u00e0 la ligne, retraite aux flambeaux, et grande f\u00eate de nuit (<a href=\"http:\/\/aurelia.orleans.fr\/wrap\/img-viewer\/1911_1930\/452346101_1921\/452346101_19210804127369\/jpeg-127369\/iipviewer.html?base=mets&amp;vcontext=mets&amp;ns=10000002.jpg\">Journal du Loiret du 04\/08\/1921<\/a>) &#8211; Consult\u00e9 le 27\/11\/2017<\/li>\n<\/ul>\n\n\n\n<h2 class=\"wp-block-heading has-text-align-center\">Exemples de menus, invitations, tarifs<\/h2>\n\n\n\n<div class=\"wp-block-columns is-layout-flex wp-container-core-columns-is-layout-6 wp-block-columns-is-layout-flex\">\n<div class=\"wp-block-column is-layout-flow wp-block-column-is-layout-flow\">\n<figure class=\"wp-block-image size-full is-resized\"><img loading=\"lazy\" decoding=\"async\" width=\"581\" height=\"1131\" src=\"http:\/\/amae.eu\/wp-content\/uploads\/2025\/12\/895_001-delcampe.jpg\" alt=\"\" class=\"wp-image-10092\" style=\"width:263px;height:auto\" srcset=\"https:\/\/amae.eu\/wp-content\/uploads\/2025\/12\/895_001-delcampe.jpg 581w, https:\/\/amae.eu\/wp-content\/uploads\/2025\/12\/895_001-delcampe-154x300.jpg 154w, https:\/\/amae.eu\/wp-content\/uploads\/2025\/12\/895_001-delcampe-526x1024.jpg 526w\" sizes=\"(max-width: 581px) 100vw, 581px\" \/><figcaption class=\"wp-element-caption\">Collection J.F. Le M\u00e9tayer<\/figcaption><\/figure>\n<\/div>\n\n\n\n<div class=\"wp-block-column is-layout-flow wp-block-column-is-layout-flow\">\n<figure class=\"wp-block-image size-full\"><img loading=\"lazy\" decoding=\"async\" width=\"840\" height=\"1084\" src=\"http:\/\/amae.eu\/wp-content\/uploads\/2025\/12\/Villa-Regina-15.jpg\" alt=\"\" class=\"wp-image-10087\" srcset=\"https:\/\/amae.eu\/wp-content\/uploads\/2025\/12\/Villa-Regina-15.jpg 840w, https:\/\/amae.eu\/wp-content\/uploads\/2025\/12\/Villa-Regina-15-232x300.jpg 232w, https:\/\/amae.eu\/wp-content\/uploads\/2025\/12\/Villa-Regina-15-794x1024.jpg 794w, https:\/\/amae.eu\/wp-content\/uploads\/2025\/12\/Villa-Regina-15-768x991.jpg 768w\" sizes=\"(max-width: 840px) 100vw, 840px\" \/><figcaption class=\"wp-element-caption\">Collection J.F. Le M\u00e9tayer<\/figcaption><\/figure>\n<\/div>\n\n\n\n<div class=\"wp-block-column is-layout-flow wp-block-column-is-layout-flow\">\n<figure class=\"wp-block-image size-large\"><img loading=\"lazy\" decoding=\"async\" width=\"628\" height=\"1024\" src=\"http:\/\/amae.eu\/wp-content\/uploads\/2025\/12\/Villa-Regina-12-628x1024.jpg\" alt=\"\" class=\"wp-image-10089\" srcset=\"https:\/\/amae.eu\/wp-content\/uploads\/2025\/12\/Villa-Regina-12-628x1024.jpg 628w, https:\/\/amae.eu\/wp-content\/uploads\/2025\/12\/Villa-Regina-12-184x300.jpg 184w, https:\/\/amae.eu\/wp-content\/uploads\/2025\/12\/Villa-Regina-12.jpg 675w\" sizes=\"(max-width: 628px) 100vw, 628px\" \/><figcaption class=\"wp-element-caption\">Collection J.F. Le M\u00e9tayer<\/figcaption><\/figure>\n<\/div>\n<\/div>\n\n\n\n<div class=\"wp-block-columns is-layout-flex wp-container-core-columns-is-layout-7 wp-block-columns-is-layout-flex\">\n<div class=\"wp-block-column is-layout-flow wp-block-column-is-layout-flow\">\n<figure class=\"wp-block-image size-full\"><img loading=\"lazy\" decoding=\"async\" width=\"837\" height=\"1155\" src=\"http:\/\/amae.eu\/wp-content\/uploads\/2025\/12\/Villa-Regina-13.jpg\" alt=\"\" class=\"wp-image-10090\" srcset=\"https:\/\/amae.eu\/wp-content\/uploads\/2025\/12\/Villa-Regina-13.jpg 837w, https:\/\/amae.eu\/wp-content\/uploads\/2025\/12\/Villa-Regina-13-217x300.jpg 217w, https:\/\/amae.eu\/wp-content\/uploads\/2025\/12\/Villa-Regina-13-742x1024.jpg 742w, https:\/\/amae.eu\/wp-content\/uploads\/2025\/12\/Villa-Regina-13-768x1060.jpg 768w\" sizes=\"(max-width: 837px) 100vw, 837px\" \/><figcaption class=\"wp-element-caption\">Collection J.F. Le M\u00e9tayer<\/figcaption><\/figure>\n<\/div>\n\n\n\n<div class=\"wp-block-column is-layout-flow wp-block-column-is-layout-flow\">\n<figure class=\"wp-block-image size-full\"><img loading=\"lazy\" decoding=\"async\" width=\"819\" height=\"1072\" src=\"http:\/\/amae.eu\/wp-content\/uploads\/2025\/12\/Villa-Regina-14.jpg\" alt=\"\" class=\"wp-image-10091\" srcset=\"https:\/\/amae.eu\/wp-content\/uploads\/2025\/12\/Villa-Regina-14.jpg 819w, https:\/\/amae.eu\/wp-content\/uploads\/2025\/12\/Villa-Regina-14-229x300.jpg 229w, https:\/\/amae.eu\/wp-content\/uploads\/2025\/12\/Villa-Regina-14-782x1024.jpg 782w, https:\/\/amae.eu\/wp-content\/uploads\/2025\/12\/Villa-Regina-14-768x1005.jpg 768w\" sizes=\"(max-width: 819px) 100vw, 819px\" \/><figcaption class=\"wp-element-caption\">Collection J.F. Le M\u00e9tayer<\/figcaption><\/figure>\n<\/div>\n\n\n\n<div class=\"wp-block-column is-layout-flow wp-block-column-is-layout-flow\">\n<figure class=\"wp-block-image size-full\"><img loading=\"lazy\" decoding=\"async\" width=\"724\" height=\"579\" src=\"http:\/\/amae.eu\/wp-content\/uploads\/2025\/12\/Villa-Regina-11.jpg\" alt=\"\" class=\"wp-image-10088\" srcset=\"https:\/\/amae.eu\/wp-content\/uploads\/2025\/12\/Villa-Regina-11.jpg 724w, https:\/\/amae.eu\/wp-content\/uploads\/2025\/12\/Villa-Regina-11-300x240.jpg 300w\" sizes=\"(max-width: 724px) 100vw, 724px\" \/><figcaption class=\"wp-element-caption\">Menu du 16 d\u00e9cembre 1950. Source : Delcampe.<\/figcaption><\/figure>\n<\/div>\n<\/div>\n\n\n\n<p><\/p>\n\n\n\n<figure class=\"wp-block-image size-large is-resized\"><img loading=\"lazy\" decoding=\"async\" width=\"1024\" height=\"333\" src=\"http:\/\/amae.eu\/wp-content\/uploads\/2023\/04\/Fresque-restaurant-Regina-1024x333.jpg\" alt=\"\" class=\"wp-image-7209\" style=\"width:839px;height:auto\" srcset=\"https:\/\/amae.eu\/wp-content\/uploads\/2023\/04\/Fresque-restaurant-Regina-1024x333.jpg 1024w, https:\/\/amae.eu\/wp-content\/uploads\/2023\/04\/Fresque-restaurant-Regina-300x98.jpg 300w, https:\/\/amae.eu\/wp-content\/uploads\/2023\/04\/Fresque-restaurant-Regina-768x250.jpg 768w, https:\/\/amae.eu\/wp-content\/uploads\/2023\/04\/Fresque-restaurant-Regina-1536x499.jpg 1536w, https:\/\/amae.eu\/wp-content\/uploads\/2023\/04\/Fresque-restaurant-Regina.jpg 1587w\" sizes=\"(max-width: 1024px) 100vw, 1024px\" \/><figcaption class=\"wp-element-caption\">La fresque qui \u00e9tait visible dans la salle du restaurant de la Villa Regina avant sa d\u00e9molition en 2022.<\/figcaption><\/figure>\n\n\n\n<h2 class=\"wp-block-heading has-text-align-center\">Sources<\/h2>\n\n\n\n<ul class=\"wp-block-list\">\n<li>Archives Municipales et Communautaires d&rsquo;Orl\u00e9ans M\u00e9tropole &#8211; Fiches auxiliaires cadastrales &#8211; 4 G 784<\/li>\n\n\n\n<li>Archives Municipales et Communautaires d&rsquo;Orl\u00e9ans M\u00e9tropole &#8211; Recensement de la population de 1931 &#8211; 1F51<\/li>\n\n\n\n<li>Archives Municipales et Communautaires d&rsquo;Orl\u00e9ans M\u00e9tropole &#8211; Acte de mariage Pilet-Daudin. Orl\u00e9ans, le 29 mai 1888.<\/li>\n<\/ul>\n","protected":false},"excerpt":{"rendered":"<p>Au 54 rue de Bellebat se tenait la c\u00e9l\u00e8bre Villa Regina. Comme la Villa S\u00e9bastopol ou le Salon Rabourdin, il s&rsquo;y tenait des banquets de mariages, de bapt\u00eames, de bals ou de r\u00e9unions d&rsquo;associations diverses. Sur la fiche auxiliaire cadastrale, figure, en 1863, la trace d\u2019une demeure (CN81) compos\u00e9e d\u2019un rdc de 4 pi\u00e8ces, 4 [&hellip;]<\/p>\n","protected":false},"author":1,"featured_media":0,"parent":6738,"menu_order":0,"comment_status":"closed","ping_status":"closed","template":"","meta":{"ngg_post_thumbnail":0,"footnotes":""},"class_list":["post-6381","page","type-page","status-publish","hentry","entry"],"_links":{"self":[{"href":"https:\/\/amae.eu\/index.php\/wp-json\/wp\/v2\/pages\/6381"}],"collection":[{"href":"https:\/\/amae.eu\/index.php\/wp-json\/wp\/v2\/pages"}],"about":[{"href":"https:\/\/amae.eu\/index.php\/wp-json\/wp\/v2\/types\/page"}],"author":[{"embeddable":true,"href":"https:\/\/amae.eu\/index.php\/wp-json\/wp\/v2\/users\/1"}],"replies":[{"embeddable":true,"href":"https:\/\/amae.eu\/index.php\/wp-json\/wp\/v2\/comments?post=6381"}],"version-history":[{"count":10,"href":"https:\/\/amae.eu\/index.php\/wp-json\/wp\/v2\/pages\/6381\/revisions"}],"predecessor-version":[{"id":10104,"href":"https:\/\/amae.eu\/index.php\/wp-json\/wp\/v2\/pages\/6381\/revisions\/10104"}],"up":[{"embeddable":true,"href":"https:\/\/amae.eu\/index.php\/wp-json\/wp\/v2\/pages\/6738"}],"wp:attachment":[{"href":"https:\/\/amae.eu\/index.php\/wp-json\/wp\/v2\/media?parent=6381"}],"curies":[{"name":"wp","href":"https:\/\/api.w.org\/{rel}","templated":true}]}}